{"id":19742,"date":"2017-09-11T11:49:23","date_gmt":"2017-09-11T09:49:23","guid":{"rendered":"https:\/\/www2.weinberger-holz.at\/best-of-holz-produkte-und-highlights\/"},"modified":"2026-04-28T13:54:27","modified_gmt":"2026-04-28T11:54:27","slug":"best-of-holz-produkte-und-highlights","status":"publish","type":"page","link":"https:\/\/www.weinberger-holz.at\/fr\/best-of-holz-produkte-und-highlights\/","title":{"rendered":"Le meilleur du bois \u2013 produits et faits marquants"},"content":{"rendered":"<div class=\"wpb-content-wrapper\"><p>[vc_row type=\u00a0\u00bbfull-width-content\u00a0\u00bb css=\u00a0\u00bb.vc_custom_1504010577304{margin-bottom: 0px !important;}\u00a0\u00bb][vc_column][vc_empty_space height=\u00a0\u00bb5&Prime;][layerslider_vc id=\u00a0\u00bb2&Prime;][\/vc_column][\/vc_row][vc_row type=\u00a0\u00bbfull-width-section\u00a0\u00bb css=\u00a0\u00bb.vc_custom_1504010545873{margin-top: 0px !important;padding-top: 15px !important;padding-bottom: 15px !important;background-color: #803026 !important;}\u00a0\u00bb][vc_column][vc_column_text]<\/p>\n<h1><span style=\"color: #ffffff;\">Le meilleur du bois \u2013 produits et faits marquants<\/span><\/h1>\n<p>[\/vc_column_text][\/vc_column][\/vc_row][vc_row equal_height=\u00a0\u00bbyes\u00a0\u00bb content_placement=\u00a0\u00bbbottom\u00a0\u00bb][vc_column width=\u00a0\u00bb2\/3&Prime;][vc_column_text css=\u00a0\u00bb\u00a0\u00bb font_size=\u00a0\u00bb20&Prime; line_height=\u00a0\u00bb26&Prime;]<span style=\"color: #803026;\">Tous les produits fabriqu\u00e9s par notre entreprise sont \u00e9valu\u00e9s sur le crit\u00e8re d\u00e9cisif de la qualit\u00e9. Ainsi, seuls du bois alpin \u00e0 fibres fines abattu \u00e0 une altitude de 900 \u00e0 1 700 m\u00e8tres &#8230;<br \/>\n<\/span>[\/vc_column_text][vc_column_text css=\u00a0\u00bb\u00a0\u00bb]<\/p>\n<ul>\n<li>\n<h3><a href=\"https:\/\/www.weinberger-holz.at\/fr\/brettschichtholz\/\">le bois lamell\u00e9-coll\u00e9 pour la construction bois moderne<\/a><\/h3>\n<\/li>\n<li>\n<h3><a href=\"https:\/\/www.weinberger-holz.at\/fr\/balkenschichtholz\/\">le bois massif reconstitu\u00e9 (Bilam et Trilam) en qualit\u00e9 de parement<\/a><\/h3>\n<\/li>\n<li>\n<h3><a href=\"https:\/\/www.weinberger-holz.at\/fr\/duo-konstruktionsholz\/\">le bois de construction Duo en qualit\u00e9 industrielle<\/a><\/h3>\n<\/li>\n<li>\n<h3><a href=\"https:\/\/www.weinberger-holz.at\/fr\/konstruktionsvollholz\/\">le bois massif de construction en qualit\u00e9 de parement<\/a><\/h3>\n<\/li>\n<li>\n<h3><a href=\"https:\/\/www.weinberger-holz.at\/fr\/deckenelemente\/\">les \u00e9l\u00e9ments de plafond avec syst\u00e8me de rainure et languette rabot\u00e9<\/a><\/h3>\n<\/li>\n<li>\n<h3><a href=\"https:\/\/www.weinberger-holz.at\/fr\/blockhausbohlen\/\">les madriers pour chalets de diff\u00e9rentes essences et \u00e9paisseurs<\/a><\/h3>\n<\/li>\n<li>\n<h3><a href=\"https:\/\/www.weinberger-holz.at\/fr\/bilam-forte\/\">Bilam forte, les madriers chalets sans tassement<\/a><\/h3>\n<\/li>\n<li>\n<h3><a href=\"https:\/\/www.weinberger-holz.at\/fr\/primolam\/\">primolam \u2013 syst\u00e8me constructif 3 plis pour murs et plafonds<\/a><\/h3>\n<\/li>\n<\/ul>\n<p>[\/vc_column_text][vc_column_text css=\u00a0\u00bb\u00a0\u00bb]Notre gamme comprend en outre plus de 100\u00a0r\u00e9f\u00e9rences couvrant un large \u00e9ventail de classes de qualit\u00e9 et d\u2019essences, disponibles avec des d\u00e9lais courts de livraison et une grande flexibilit\u00e9 logistique. \u00c0 elle seule, cette pr\u00e9s\u00e9lection stricte de nos mat\u00e9riaux nous permet d\u00e9j\u00e0 de nous d\u00e9marquer de nos concurrents. C\u2019est parce que nous misons sur des produits sp\u00e9ciaux de toute premi\u00e8re qualit\u00e9 que nous sommes en mesure d\u2019affirmer que dans certains domaines, nous sommes et les premiers, et les seuls.[\/vc_column_text][vc_column_text css=\u00a0\u00bb.vc_custom_1776068979294{margin-bottom: 0px !important;padding-bottom: 0px !important;}\u00a0\u00bb]<\/p>\n<h3>Bois lamell\u00e9-coll\u00e9 en m\u00e9l\u00e8ze<\/h3>\n<p>[\/vc_column_text][vc_column_text css=\u00a0\u00bb\u00a0\u00bb]En raison d\u2019une demande accrue, nous avons \u00e9largi notre gamme de produits et proposons d\u00e9sormais le bois lamell\u00e9-coll\u00e9 non seulement en \u00e9pic\u00e9a, mais aussi en m\u00e9l\u00e8ze. Fabriqu\u00e9 \u00e0 partir de mati\u00e8res premi\u00e8res de haute qualit\u00e9, soigneusement transform\u00e9 et garanti sans formald\u00e9hyde.[\/vc_column_text][vc_column_text css=\u00a0\u00bb.vc_custom_1776942491431{margin-bottom: 0px !important;padding-bottom: 0px !important;}\u00a0\u00bb]<\/p>\n<h3>Madriers pour chalets contrecoll\u00e9s dans une grande diversit\u00e9 de profils, d\u2019essences et de combinaisons<\/h3>\n<p>[\/vc_column_text][vc_column_text]Nous fabriquons nos madriers chalets \u00e0 partir de bois autrichiens hors coeur qui sont s\u00e9ch\u00e9s jusqu\u2019\u00e0 un taux d\u2019humidit\u00e9 du bois conforme aux normes pour une utilisation en int\u00e9rieur. L\u2019un des atouts esth\u00e9tiques de nos madriers chalets est l\u2019assemblage longitudinal quasiment invisible avec un simple trait droit sur la face ext\u00e9rieure. Ce c\u00f4t\u00e9 esth\u00e9tique exclusif est r\u00e9alis\u00e9 gr\u00e2ce \u00e0 l\u2019utilisation d\u2019entures lat\u00e9rales. \u00c0 l\u2019aide d\u2019un outil sp\u00e9cial, on cr\u00e9e un profil\u00e9 \u00e0 rainure et languette qui pr\u00e9sente une pr\u00e9cision de 1\/100 mm. Avantage de taille : il est possible d\u2019assembler sans aucun probl\u00e8me des madriers<br \/>\nprovenant de lots de production diff\u00e9rents.<\/p>\n<p><strong>L\u2019exactitude des profil\u00e9s est l\u2019une de nos principales qualit\u00e9s.<\/strong> Il est donc d\u2019autant plus important de savoir ce que l\u2019on entend par l\u00e0 \u2013 mais c\u2019est tr\u00e8s facile \u00e0 expliquer : imaginez que vous r\u00e9alisez un profil\u00e9 avec un couteau. Au bout d\u2019un certain temps, le couteau s\u2019\u00e9mousse et vous devez alors l\u2019aff\u00fbter, op\u00e9ration qui modifie cependant la g\u00e9om\u00e9trie de l\u2019outil. Et donc aussi celle du profil\u00e9. Pour \u00e9viter ce d\u00e9sagr\u00e9ment, la seule solution est de changer de couteau. C\u2019est exactement ce que nous faisons chez Weinberger et cela nous permet de garantir de cette mani\u00e8re et gr\u00e2ce \u00e0 un stockage professionnel avec une humidit\u00e9 constante du bois, une exactitude absolue du profil\u00e9.[\/vc_column_text][vc_column_text css=\u00a0\u00bb.vc_custom_1776942519486{margin-bottom: 0px !important;padding-bottom: 0px !important;}\u00a0\u00bb]<\/p>\n<h3>Bois lamell\u00e9-coll\u00e9 et bois de construction Duo, ainsi que primolam et compagnie \u2013 un seul fournisseur pour tout.<\/h3>\n<p>[\/vc_column_text][vc_column_text css=\u00a0\u00bb\u00a0\u00bb]Notre philosophie qualit\u00e9 repose aussi sur le principe de pouvoir offrir dans certains domaines \u00e0 chacun de nos clients tous les produits dont il a besoin. C\u2019est la raison pour laquelle notre bois lamell\u00e9-coll\u00e9 a des propri\u00e9t\u00e9s pratiquement identiques \u00e0 celles de la qualit\u00e9 Bilam et Trilam. Avec les poutres Bilam et Trilam, ainsi qu\u2019avec primolam et notre bois de construction Duo, nous sommes en mesure de fournir l\u2019ensemble des produits en bois pour la construction bois structurelle.[\/vc_column_text][\/vc_column][vc_column width=\u00a0\u00bb1\/3&Prime;][vc_empty_space height=\u00a0\u00bb25&Prime;][\/vc_column][\/vc_row]<\/p>\n<\/div>","protected":false},"excerpt":{"rendered":"<p>[vc_row type=\u00a0\u00bbfull-width-content\u00a0\u00bb css=\u00a0\u00bb.vc_custom_1504010577304{margin-bottom: 0px !important;}\u00a0\u00bb][vc_column][vc_empty_space height=\u00a0\u00bb5&Prime;][layerslider_vc id=\u00a0\u00bb2&Prime;][\/vc_column][\/vc_row][vc_row type=\u00a0\u00bbfull-width-section\u00a0\u00bb css=\u00a0\u00bb.vc_custom_1504010545873{margin-top: 0px !important;padding-top: 15px !important;padding-bottom: 15px !important;background-color: #803026 !important;}\u00a0\u00bb][vc_column][vc_column_text] Le meilleur du bois \u2013 produits et faits marquants [\/vc_column_text][\/vc_column][\/vc_row][vc_row equal_height=\u00a0\u00bbyes\u00a0\u00bb content_placement=\u00a0\u00bbbottom\u00a0\u00bb][vc_column width=\u00a0\u00bb2\/3&Prime;][vc_column_text css=\u00a0\u00bb\u00a0\u00bb font_size=\u00a0\u00bb20&Prime; line_height=\u00a0\u00bb26&Prime;]Tous les produits fabriqu\u00e9s par notre entreprise sont \u00e9valu\u00e9s sur le crit\u00e8re d\u00e9cisif de la qualit\u00e9. Ainsi, seuls du bois alpin \u00e0 fibres<\/p>\n","protected":false},"author":1,"featured_media":0,"parent":0,"menu_order":0,"comment_status":"closed","ping_status":"closed","template":"","meta":{"_acf_changed":false,"_relevanssi_hide_post":"","_relevanssi_hide_content":"","_relevanssi_pin_for_all":"","_relevanssi_pin_keywords":"","_relevanssi_unpin_keywords":"","_relevanssi_related_keywords":"","_relevanssi_related_include_ids":"","_relevanssi_related_exclude_ids":"","_relevanssi_related_no_append":"","_relevanssi_related_not_related":"","_relevanssi_related_posts":"","_relevanssi_noindex_reason":"","footnotes":""},"class_list":["post-19742","page","type-page","status-publish","hentry"],"acf":[],"_links":{"self":[{"href":"https:\/\/www.weinberger-holz.at\/fr\/wp-json\/wp\/v2\/pages\/19742","targetHints":{"allow":["GET"]}}],"collection":[{"href":"https:\/\/www.weinberger-holz.at\/fr\/wp-json\/wp\/v2\/pages"}],"about":[{"href":"https:\/\/www.weinberger-holz.at\/fr\/wp-json\/wp\/v2\/types\/page"}],"author":[{"embeddable":true,"href":"https:\/\/www.weinberger-holz.at\/fr\/wp-json\/wp\/v2\/users\/1"}],"replies":[{"embeddable":true,"href":"https:\/\/www.weinberger-holz.at\/fr\/wp-json\/wp\/v2\/comments?post=19742"}],"version-history":[{"count":14,"href":"https:\/\/www.weinberger-holz.at\/fr\/wp-json\/wp\/v2\/pages\/19742\/revisions"}],"predecessor-version":[{"id":47516,"href":"https:\/\/www.weinberger-holz.at\/fr\/wp-json\/wp\/v2\/pages\/19742\/revisions\/47516"}],"wp:attachment":[{"href":"https:\/\/www.weinberger-holz.at\/fr\/wp-json\/wp\/v2\/media?parent=19742"}],"curies":[{"name":"wp","href":"https:\/\/api.w.org\/{rel}","templated":true}]}}