{"id":49,"date":"2016-11-25T11:47:22","date_gmt":"2016-11-25T10:47:22","guid":{"rendered":"http:\/\/www2.weinberger-holz.at\/beispiel-seite\/"},"modified":"2026-04-16T14:27:40","modified_gmt":"2026-04-16T12:27:40","slug":"beispiel-seite","status":"publish","type":"page","link":"https:\/\/www.weinberger-holz.at\/fr\/","title":{"rendered":"Home"},"content":{"rendered":"<div class=\"wpb-content-wrapper\"><p>[vc_row type=\u00a0\u00bbfull-width-content\u00a0\u00bb full_height=\u00a0\u00bbyes\u00a0\u00bb columns_placement=\u00a0\u00bbstretch\u00a0\u00bb equal_height=\u00a0\u00bbyes\u00a0\u00bb content_placement=\u00a0\u00bbmiddle\u00a0\u00bb overlay=\u00a0\u00bb1&Prime; overlay_color=\u00a0\u00bbrgba(128,48,38,0.85)\u00a0\u00bb css=\u00a0\u00bb.vc_custom_1507142241850{margin-top: 20px !important;margin-bottom: 0px !important;padding-top: 20px !important;padding-right: 10px !important;padding-bottom: 20px !important;padding-left: 10px !important;background: #803026 url(https:\/\/www.weinberger-holz.at\/wp-content\/uploads\/Weinberger20131126-142125-69IMG_4805-WEB.jpg?id=15456) !important;background-position: center !important;background-repeat: no-repeat !important;background-size: cover !important;}\u00a0\u00bb][vc_column][vc_row_inner css=\u00a0\u00bb.vc_custom_1504891212555{padding-bottom: 50px !important;}\u00a0\u00bb][vc_column_inner width=\u00a0\u00bb1\/4&Prime;][\/vc_column_inner][vc_column_inner width=\u00a0\u00bb1\/2&Prime;][vc_column_text css=\u00a0\u00bb.vc_custom_1510741226612{margin-bottom: 0px !important;padding-bottom: 10px !important;}\u00a0\u00bb]<\/p>\n<h1 style=\"text-align: center;\"><span style=\"color: #ffffff; font-family: 'Amatic SC', cursive; font-size: 43pt; font-weight: bold; line-height: 52pt;\"><span class=\"u1\">LE MEILLEUR DU BOIS \u2013 <span class=\"nobr\">fabriqu\u00e9 en Autriche.<\/span><\/span><\/span><\/h1>\n<p>[\/vc_column_text][\/vc_column_inner][vc_column_inner width=\u00a0\u00bb1\/4&Prime;][\/vc_column_inner][\/vc_row_inner][vc_row_inner equal_height=\u00a0\u00bbyes\u00a0\u00bb][vc_column_inner width=\u00a0\u00bb1\/4&Prime;][vc_column_text css=\u00a0\u00bb.vc_custom_1505310614671{margin-bottom: 0px !important;padding-bottom: 0px !important;}\u00a0\u00bb]<a href=\"https:\/\/www.weinberger-holz.at\/fr\/?page_id=46879\"><img loading=\"lazy\" decoding=\"async\" class=\"aligncenter wp-image-15686\" src=\"https:\/\/www.weinberger-holz.at\/wp-content\/uploads\/BSH-120x240-Fichte-500x400.png\" alt=\"Brettschichtholz\" width=\"250\" height=\"200\" srcset=\"https:\/\/www.weinberger-holz.at\/wp-content\/uploads\/BSH-120x240-Fichte-500x400.png 500w, https:\/\/www.weinberger-holz.at\/wp-content\/uploads\/BSH-120x240-Fichte-500x400-200x160.png 200w, https:\/\/www.weinberger-holz.at\/wp-content\/uploads\/BSH-120x240-Fichte-500x400-375x300.png 375w, https:\/\/www.weinberger-holz.at\/wp-content\/uploads\/BSH-120x240-Fichte-500x400-300x240.png 300w\" sizes=\"auto, (max-width: 250px) 100vw, 250px\" \/><\/a>[\/vc_column_text][vc_column_text css=\u00a0\u00bb.vc_custom_1508244177936{margin-bottom: 0px !important;padding-bottom: 0px !important;}\u00a0\u00bb]<\/p>\n<h2 style=\"text-align: center;\"><a href=\"https:\/\/www.weinberger-holz.at\/fr\/?page_id=46879\"><span style=\"color: #ffffff;\">Bois lamell\u00e9-coll\u00e9<\/span><\/a><\/h2>\n<p>[\/vc_column_text][vc_column_text]<\/p>\n<p style=\"text-align: center;\"><a href=\"https:\/\/www.weinberger-holz.at\/fr\/?page_id=46879\"><span style=\"color: #ffffff;\">en qualit\u00e9 visible alpine, visible et industrielle<\/span><\/a><\/p>\n<p>[\/vc_column_text][vc_column_text css=\u00a0\u00bb.vc_custom_1506947639638{margin-bottom: 0px !important;padding-bottom: 0px !important;}\u00a0\u00bb]<a href=\"https:\/\/www.weinberger-holz.at\/fr\/?page_id=47061\"><img loading=\"lazy\" decoding=\"async\" class=\"aligncenter wp-image-15690\" src=\"https:\/\/www.weinberger-holz.at\/wp-content\/uploads\/BIL-100x160-TRI-180x180-Fichte-500x400.png\" alt=\"Blam_Trilam\" width=\"250\" height=\"200\" srcset=\"https:\/\/www.weinberger-holz.at\/wp-content\/uploads\/BIL-100x160-TRI-180x180-Fichte-500x400.png 500w, https:\/\/www.weinberger-holz.at\/wp-content\/uploads\/BIL-100x160-TRI-180x180-Fichte-500x400-200x160.png 200w, https:\/\/www.weinberger-holz.at\/wp-content\/uploads\/BIL-100x160-TRI-180x180-Fichte-500x400-375x300.png 375w, https:\/\/www.weinberger-holz.at\/wp-content\/uploads\/BIL-100x160-TRI-180x180-Fichte-500x400-300x240.png 300w\" sizes=\"auto, (max-width: 250px) 100vw, 250px\" \/><\/a>[\/vc_column_text][vc_column_text css=\u00a0\u00bb.vc_custom_1508244275597{margin-bottom: 0px !important;padding-bottom: 0px !important;}\u00a0\u00bb]<\/p>\n<h2 style=\"text-align: center;\"><a href=\"https:\/\/www.weinberger-holz.at\/fr\/?page_id=47061\"><span style=\"color: #ffffff;\">Bois massif reconstitu\u00e9<\/span><\/a><\/h2>\n<p>[\/vc_column_text][vc_column_text]<\/p>\n<p style=\"text-align: center;\"><a href=\"https:\/\/www.weinberger-holz.at\/fr\/?page_id=47061\"><span style=\"color: #ffffff;\">pour des constructions en bois avec des crit\u00e8res de qualit\u00e9 extr\u00eames<\/span><\/a><\/p>\n<p>[\/vc_column_text][\/vc_column_inner][vc_column_inner width=\u00a0\u00bb1\/4&Prime;][vc_column_text css=\u00a0\u00bb.vc_custom_1506947553600{margin-bottom: 0px !important;padding-bottom: 0px !important;}\u00a0\u00bb]<a href=\"https:\/\/www.weinberger-holz.at\/fr\/duo-konstruktionsholz\/\"><img loading=\"lazy\" decoding=\"async\" class=\"aligncenter wp-image-15694\" src=\"https:\/\/www.weinberger-holz.at\/wp-content\/uploads\/Duokonstruktionsholz80x120x220-500x400.png\" alt=\"Duo-Konstruktionsholz\" width=\"250\" height=\"200\" srcset=\"https:\/\/www.weinberger-holz.at\/wp-content\/uploads\/Duokonstruktionsholz80x120x220-500x400.png 500w, https:\/\/www.weinberger-holz.at\/wp-content\/uploads\/Duokonstruktionsholz80x120x220-500x400-200x160.png 200w, https:\/\/www.weinberger-holz.at\/wp-content\/uploads\/Duokonstruktionsholz80x120x220-500x400-375x300.png 375w, https:\/\/www.weinberger-holz.at\/wp-content\/uploads\/Duokonstruktionsholz80x120x220-500x400-300x240.png 300w\" sizes=\"auto, (max-width: 250px) 100vw, 250px\" \/><\/a>[\/vc_column_text][vc_column_text css=\u00a0\u00bb.vc_custom_1508244204339{margin-bottom: 0px !important;padding-bottom: 0px !important;}\u00a0\u00bb]<\/p>\n<h2 style=\"text-align: center;\"><a href=\"https:\/\/www.weinberger-holz.at\/fr\/duo-konstruktionsholz\/\"><span style=\"color: #ffffff;\">Bois de construction Duo<\/span><\/a><\/h2>\n<p>[\/vc_column_text][vc_column_text]<\/p>\n<p style=\"text-align: center;\"><a href=\"https:\/\/www.weinberger-holz.at\/fr\/duo-konstruktionsholz\/\"><span style=\"color: #ffffff;\">pour des constructions parfaites en panneaux de bois<\/span><\/a><\/p>\n<p>[\/vc_column_text][vc_column_text css=\u00a0\u00bb.vc_custom_1506947666559{margin-bottom: 0px !important;padding-bottom: 0px !important;}\u00a0\u00bb]<a href=\"https:\/\/www.weinberger-holz.at\/fr\/deckenelemente\/\"><img loading=\"lazy\" decoding=\"async\" class=\"aligncenter wp-image-15698\" src=\"https:\/\/www.weinberger-holz.at\/wp-content\/uploads\/DE-140x600-Fichte_500x400.png\" alt=\"Deckenelement\" width=\"250\" height=\"200\" srcset=\"https:\/\/www.weinberger-holz.at\/wp-content\/uploads\/DE-140x600-Fichte_500x400.png 500w, https:\/\/www.weinberger-holz.at\/wp-content\/uploads\/DE-140x600-Fichte_500x400-200x160.png 200w, https:\/\/www.weinberger-holz.at\/wp-content\/uploads\/DE-140x600-Fichte_500x400-375x300.png 375w, https:\/\/www.weinberger-holz.at\/wp-content\/uploads\/DE-140x600-Fichte_500x400-300x240.png 300w\" sizes=\"auto, (max-width: 250px) 100vw, 250px\" \/><\/a>[\/vc_column_text][vc_column_text css=\u00a0\u00bb.vc_custom_1508244302598{margin-bottom: 0px !important;padding-bottom: 0px !important;}\u00a0\u00bb]<\/p>\n<h2 style=\"text-align: center;\"><a href=\"https:\/\/www.weinberger-holz.at\/fr\/deckenelemente\/\"><span style=\"color: #ffffff;\">\u00c9l\u00e9ments de plafond <\/span><\/a><\/h2>\n<p>[\/vc_column_text][vc_column_text]<\/p>\n<p style=\"text-align: center;\"><a href=\"https:\/\/www.weinberger-holz.at\/fr\/deckenelemente\/\"><span style=\"color: #ffffff;\">avec syst\u00e8me de rainure et languette rabot\u00e9<\/span><\/a><\/p>\n<p>[\/vc_column_text][\/vc_column_inner][vc_column_inner width=\u00a0\u00bb1\/4&Prime;][vc_column_text css=\u00a0\u00bb.vc_custom_1506947592028{margin-bottom: 0px !important;padding-bottom: 0px !important;}\u00a0\u00bb]<a href=\"https:\/\/www.weinberger-holz.at\/fr\/blockhausbohlen\/\"><img loading=\"lazy\" decoding=\"async\" class=\"aligncenter wp-image-15722\" src=\"https:\/\/www.weinberger-holz.at\/wp-content\/uploads\/BHB-140x200-Fichte-Fichte-500x400.png\" alt=\"Blockhausbohlen\" width=\"250\" height=\"200\" srcset=\"https:\/\/www.weinberger-holz.at\/wp-content\/uploads\/BHB-140x200-Fichte-Fichte-500x400.png 500w, https:\/\/www.weinberger-holz.at\/wp-content\/uploads\/BHB-140x200-Fichte-Fichte-500x400-200x160.png 200w, https:\/\/www.weinberger-holz.at\/wp-content\/uploads\/BHB-140x200-Fichte-Fichte-500x400-375x300.png 375w, https:\/\/www.weinberger-holz.at\/wp-content\/uploads\/BHB-140x200-Fichte-Fichte-500x400-300x240.png 300w\" sizes=\"auto, (max-width: 250px) 100vw, 250px\" \/><\/a>[\/vc_column_text][vc_column_text css=\u00a0\u00bb.vc_custom_1508244230563{margin-bottom: 0px !important;padding-bottom: 0px !important;}\u00a0\u00bb]<\/p>\n<h2 style=\"text-align: center;\"><a href=\"https:\/\/www.weinberger-holz.at\/fr\/blockhausbohlen\/\"><span style=\"color: #ffffff;\">Madriers pour chalets<\/span><\/a><\/h2>\n<p>[\/vc_column_text][vc_column_text]<\/p>\n<p style=\"text-align: center;\"><a href=\"https:\/\/www.weinberger-holz.at\/fr\/blockhausbohlen\/\"><span style=\"color: #ffffff;\">en \u00e9pic\u00e9a, m\u00e9l\u00e8ze, pin et douglas<\/span><\/a><\/p>\n<p>[\/vc_column_text][vc_column_text css=\u00a0\u00bb.vc_custom_1506947693390{margin-bottom: 0px !important;padding-bottom: 0px !important;}\u00a0\u00bb]<a href=\"https:\/\/www.weinberger-holz.at\/fr\/bilam-forte\/\"><img loading=\"lazy\" decoding=\"async\" class=\"aligncenter wp-image-15718\" src=\"https:\/\/www.weinberger-holz.at\/wp-content\/uploads\/BF-120x200-Fichte-Fichte-500x400.png\" alt=\"Bilam forte\" width=\"250\" height=\"200\" srcset=\"https:\/\/www.weinberger-holz.at\/wp-content\/uploads\/BF-120x200-Fichte-Fichte-500x400.png 500w, https:\/\/www.weinberger-holz.at\/wp-content\/uploads\/BF-120x200-Fichte-Fichte-500x400-200x160.png 200w, https:\/\/www.weinberger-holz.at\/wp-content\/uploads\/BF-120x200-Fichte-Fichte-500x400-375x300.png 375w, https:\/\/www.weinberger-holz.at\/wp-content\/uploads\/BF-120x200-Fichte-Fichte-500x400-300x240.png 300w\" sizes=\"auto, (max-width: 250px) 100vw, 250px\" \/><\/a>[\/vc_column_text][vc_column_text css=\u00a0\u00bb.vc_custom_1776342048970{margin-bottom: 0px !important;padding-bottom: 0px !important;}\u00a0\u00bb]<\/p>\n<h2 style=\"text-align: center;\"><a href=\"https:\/\/www.weinberger-holz.at\/fr\/bilam-forte\/\"><span style=\"color: #ffffff;\">Bilam forte<\/span><\/a><\/h2>\n<p>[\/vc_column_text][vc_column_text]<\/p>\n<p style=\"text-align: center;\"><a href=\"https:\/\/www.weinberger-holz.at\/fr\/bilam-forte\/\"><span style=\"color: #ffffff;\">Les madriers chalets sans tassement<\/span><\/a><\/p>\n<p>[\/vc_column_text][\/vc_column_inner][vc_column_inner width=\u00a0\u00bb1\/4&Prime;][vc_column_text css=\u00a0\u00bb.vc_custom_1505807602283{margin-bottom: 0px !important;padding-bottom: 0px !important;}\u00a0\u00bb]<a href=\"https:\/\/www.weinberger-holz.at\/fr\/primolam\/\"><img loading=\"lazy\" decoding=\"async\" class=\"aligncenter wp-image-15714\" src=\"https:\/\/www.weinberger-holz.at\/wp-content\/uploads\/PR-DE-OF-140x600-L2-Fichte-V2.0-500x400.png\" alt=\"primolam\" width=\"250\" height=\"200\" srcset=\"https:\/\/www.weinberger-holz.at\/wp-content\/uploads\/PR-DE-OF-140x600-L2-Fichte-V2.0-500x400.png 500w, https:\/\/www.weinberger-holz.at\/wp-content\/uploads\/PR-DE-OF-140x600-L2-Fichte-V2.0-500x400-200x160.png 200w, https:\/\/www.weinberger-holz.at\/wp-content\/uploads\/PR-DE-OF-140x600-L2-Fichte-V2.0-500x400-375x300.png 375w, https:\/\/www.weinberger-holz.at\/wp-content\/uploads\/PR-DE-OF-140x600-L2-Fichte-V2.0-500x400-300x240.png 300w\" sizes=\"auto, (max-width: 250px) 100vw, 250px\" \/><\/a>[\/vc_column_text][vc_column_text css=\u00a0\u00bb.vc_custom_1772614569713{margin-bottom: 0px !important;padding-bottom: 0px !important;}\u00a0\u00bb]<\/p>\n<h2 style=\"text-align: center;\"><a href=\"https:\/\/www.weinberger-holz.at\/fr\/primolam\/\"><span style=\"color: #ffffff;\">primolam<\/span><\/a><\/h2>\n<p>[\/vc_column_text][vc_column_text]<\/p>\n<p style=\"text-align: center;\"><a href=\"https:\/\/www.weinberger-holz.at\/fr\/primolam\/\"><span style=\"color: #ffffff;\">Syst\u00e8me constructif 3 plis pour murs et plafonds<\/span><\/a><\/p>\n<p>[\/vc_column_text][vc_column_text css=\u00a0\u00bb.vc_custom_1776341879241{margin-bottom: 0px !important;padding-bottom: 0px !important;}\u00a0\u00bb]<a href=\"https:\/\/www.weinberger-holz.at\/fr\/konstruktionsvollholz\/\"><img loading=\"lazy\" decoding=\"async\" class=\"aligncenter wp-image-47166\" src=\"https:\/\/www.weinberger-holz.at\/wp-content\/uploads\/\/KVHZ-60x180-Fichte-500x400WEB-200x160.png\" alt=\"Konstruktionsvollholz\" width=\"250\" height=\"200\" srcset=\"https:\/\/www.weinberger-holz.at\/wp-content\/uploads\/KVHZ-60x180-Fichte-500x400WEB-200x160.png 200w, https:\/\/www.weinberger-holz.at\/wp-content\/uploads\/KVHZ-60x180-Fichte-500x400WEB-375x300.png 375w, https:\/\/www.weinberger-holz.at\/wp-content\/uploads\/KVHZ-60x180-Fichte-500x400WEB-300x240.png 300w, https:\/\/www.weinberger-holz.at\/wp-content\/uploads\/KVHZ-60x180-Fichte-500x400WEB.png 500w\" sizes=\"auto, (max-width: 250px) 100vw, 250px\" \/><\/a>[\/vc_column_text][vc_column_text css=\u00a0\u00bb.vc_custom_1776342126185{margin-bottom: 0px !important;padding-top: 5px !important;padding-bottom: 0px !important;}\u00a0\u00bb]<\/p>\n<h2 style=\"text-align: center;\"><a href=\"https:\/\/www.weinberger-holz.at\/fr\/konstruktionsvollholz\/\"><span style=\"color: #ffffff;\">Bois massif de construction<\/span><\/a><\/h2>\n<p>[\/vc_column_text][vc_column_text css=\u00a0\u00bb.vc_custom_1776342235013{margin-top: 0px !important;padding-top: 0px !important;}\u00a0\u00bb]<\/p>\n<p style=\"text-align: center;\"><a href=\"https:\/\/www.weinberger-holz.at\/fr\/konstruktionsvollholz\/\"><span style=\"color: #ffffff;\">en qualit\u00e9 de parement<\/span><\/a><\/p>\n<p>[\/vc_column_text][\/vc_column_inner][\/vc_row_inner][vc_row_inner css=\u00a0\u00bb.vc_custom_1505120446016{padding-top: 75px !important;}\u00a0\u00bb][vc_column_inner width=\u00a0\u00bb1\/6&Prime;][\/vc_column_inner][vc_column_inner width=\u00a0\u00bb2\/3&Prime; css=\u00a0\u00bb.vc_custom_1505300961757{border-top-width: 1px !important;border-right-width: 1px !important;border-bottom-width: 1px !important;border-left-width: 1px !important;padding-top: 15px !important;padding-right: 15px !important;padding-bottom: 15px !important;padding-left: 15px !important;border-left-color: #ffffff !important;border-left-style: solid !important;border-right-color: #ffffff !important;border-right-style: solid !important;border-top-color: #ffffff !important;border-top-style: solid !important;border-bottom-color: #ffffff !important;border-bottom-style: solid !important;border-radius: 4px !important;}\u00a0\u00bb][vc_column_text css=\u00a0\u00bb.vc_custom_1718695475308{margin-bottom: 0px !important;padding-bottom: 0px !important;}\u00a0\u00bb font_size=\u00a0\u00bb22&Prime; line_height=\u00a0\u00bb26&Prime;]<\/p>\n<p style=\"text-align: center;\"><span style=\"color: #ffffff;\">Weinberger est leader sur le march\u00e9 en termes de qualit\u00e9 et de service dans les domaines des produits de construction porteurs avec encollage vinylique Bilam, Trilam et de bois lamell\u00e9-coll\u00e9.<\/span><\/p>\n<p>[\/vc_column_text][vc_column_text css=\u00a0\u00bb\u00a0\u00bb]<\/p>\n<p style=\"text-align: center;\"><span style=\"color: #ffffff;\">Un grand nombre d\u2019acheteurs europ\u00e9ens renomm\u00e9s et d\u2019entreprises sp\u00e9cialis\u00e9es dans le n\u00e9goce du bois et la construction en bois pour qui la qualit\u00e9 est essentielle ainsi que d\u2019ateliers de charpenterie de toutes tailles appr\u00e9cient nos produits depuis de nombreuses ann\u00e9es.<\/span><\/p>\n<p>[\/vc_column_text][\/vc_column_inner][vc_column_inner width=\u00a0\u00bb1\/6&Prime;][\/vc_column_inner][\/vc_row_inner][\/vc_column][\/vc_row]<\/p>\n<\/div>","protected":false},"excerpt":{"rendered":"<p>[vc_row type=\u00a0\u00bbfull-width-content\u00a0\u00bb full_height=\u00a0\u00bbyes\u00a0\u00bb columns_placement=\u00a0\u00bbstretch\u00a0\u00bb equal_height=\u00a0\u00bbyes\u00a0\u00bb content_placement=\u00a0\u00bbmiddle\u00a0\u00bb overlay=\u00a0\u00bb1&Prime; overlay_color=\u00a0\u00bbrgba(128,48,38,0.85)\u00a0\u00bb css=\u00a0\u00bb.vc_custom_1507142241850{margin-top: 20px !important;margin-bottom: 0px !important;padding-top: 20px !important;padding-right: 10px !important;padding-bottom: 20px !important;padding-left: 10px !important;background: #803026 url(https:\/\/www.weinberger-holz.at\/wp-content\/uploads\/Weinberger20131126-142125-69IMG_4805-WEB.jpg?id=15456) !important;background-position: center !important;background-repeat: no-repeat !important;background-size: cover !important;}\u00a0\u00bb][vc_column][vc_row_inner css=\u00a0\u00bb.vc_custom_1504891212555{padding-bottom: 50px !important;}\u00a0\u00bb][vc_column_inner width=\u00a0\u00bb1\/4&Prime;][\/vc_column_inner][vc_column_inner width=\u00a0\u00bb1\/2&Prime;][vc_column_text css=\u00a0\u00bb.vc_custom_1510741226612{margin-bottom: 0px !important;padding-bottom: 10px !important;}\u00a0\u00bb] LE MEILLEUR DU BOIS \u2013 fabriqu\u00e9 en Autriche. [\/vc_column_text][\/vc_column_inner][vc_column_inner width=\u00a0\u00bb1\/4&Prime;][\/vc_column_inner][\/vc_row_inner][vc_row_inner equal_height=\u00a0\u00bbyes\u00a0\u00bb][vc_column_inner width=\u00a0\u00bb1\/4&Prime;][vc_column_text css=\u00a0\u00bb.vc_custom_1505310614671{margin-bottom: 0px !important;padding-bottom:<\/p>\n","protected":false},"author":1,"featured_media":0,"parent":0,"menu_order":0,"comment_status":"closed","ping_status":"open","template":"","meta":{"_acf_changed":false,"_relevanssi_hide_post":"","_relevanssi_hide_content":"","_relevanssi_pin_for_all":"","_relevanssi_pin_keywords":"","_relevanssi_unpin_keywords":"","_relevanssi_related_keywords":"","_relevanssi_related_include_ids":"","_relevanssi_related_exclude_ids":"","_relevanssi_related_no_append":"","_relevanssi_related_not_related":"","_relevanssi_related_posts":"","_relevanssi_noindex_reason":"","footnotes":""},"class_list":["post-49","page","type-page","status-publish","hentry"],"acf":[],"_links":{"self":[{"href":"https:\/\/www.weinberger-holz.at\/fr\/wp-json\/wp\/v2\/pages\/49","targetHints":{"allow":["GET"]}}],"collection":[{"href":"https:\/\/www.weinberger-holz.at\/fr\/wp-json\/wp\/v2\/pages"}],"about":[{"href":"https:\/\/www.weinberger-holz.at\/fr\/wp-json\/wp\/v2\/types\/page"}],"author":[{"embeddable":true,"href":"https:\/\/www.weinberger-holz.at\/fr\/wp-json\/wp\/v2\/users\/1"}],"replies":[{"embeddable":true,"href":"https:\/\/www.weinberger-holz.at\/fr\/wp-json\/wp\/v2\/comments?post=49"}],"version-history":[{"count":23,"href":"https:\/\/www.weinberger-holz.at\/fr\/wp-json\/wp\/v2\/pages\/49\/revisions"}],"predecessor-version":[{"id":47417,"href":"https:\/\/www.weinberger-holz.at\/fr\/wp-json\/wp\/v2\/pages\/49\/revisions\/47417"}],"wp:attachment":[{"href":"https:\/\/www.weinberger-holz.at\/fr\/wp-json\/wp\/v2\/media?parent=49"}],"curies":[{"name":"wp","href":"https:\/\/api.w.org\/{rel}","templated":true}]}}